{"id":3,"date":"2022-12-12T19:52:09","date_gmt":"2022-12-12T18:52:09","guid":{"rendered":"http:\/\/flatmaningatlan.hu\/?page_id=3"},"modified":"2024-12-18T11:28:36","modified_gmt":"2024-12-18T10:28:36","slug":"privacy-policy","status":"publish","type":"page","link":"https:\/\/flatmaningatlan.hu\/en\/privacy-policy\/","title":{"rendered":"Adatv\u00e9delmi ir\u00e1nyelvek (GDPR)"},"content":{"rendered":"<div data-elementor-type=\"wp-page\" data-elementor-id=\"3\" class=\"elementor elementor-3\" data-elementor-post-type=\"page\">\n\t\t\t\t<div class=\"elementor-element elementor-element-86b62f4 e-flex e-con-boxed e-con e-parent\" data-id=\"86b62f4\" data-element_type=\"container\" data-e-type=\"container\">\n\t\t\t\t\t<div class=\"e-con-inner\">\n\t\t\t\t<div class=\"elementor-element elementor-element-a7f928f elementor-align-center elementor-widget elementor-widget-button\" data-id=\"a7f928f\" data-element_type=\"widget\" data-e-type=\"widget\" data-widget_type=\"button.default\">\n\t\t\t\t<div class=\"elementor-widget-container\">\n\t\t\t\t\t\t\t\t\t<div class=\"elementor-button-wrapper\">\n\t\t\t\t\t<a class=\"elementor-button elementor-button-link elementor-size-sm\" href=\"#en-privacy-policy\">\n\t\t\t\t\t\t<span class=\"elementor-button-content-wrapper\">\n\t\t\t\t\t\t<span class=\"elementor-button-icon\">\n\t\t\t\t<i aria-hidden=\"true\" class=\"fas fa-angle-down\"><\/i>\t\t\t<\/span>\n\t\t\t\t\t\t\t\t\t<span class=\"elementor-button-text\">Go to English version<\/span>\n\t\t\t\t\t<\/span>\n\t\t\t\t\t<\/a>\n\t\t\t\t<\/div>\n\t\t\t\t\t\t\t\t<\/div>\n\t\t\t\t<\/div>\n\t\t\t\t<div class=\"elementor-element elementor-element-bc4e129 elementor-widget elementor-widget-heading\" data-id=\"bc4e129\" data-element_type=\"widget\" data-e-type=\"widget\" data-widget_type=\"heading.default\">\n\t\t\t\t<div class=\"elementor-widget-container\">\n\t\t\t\t\t<h1 class=\"elementor-heading-title elementor-size-default\">Adatv\u00e9delmi ir\u00e1nyelvek (GDPR)<\/h1>\t\t\t\t<\/div>\n\t\t\t\t<\/div>\n\t\t\t\t<div class=\"elementor-element elementor-element-a0ffa4d elementor-widget elementor-widget-text-editor\" data-id=\"a0ffa4d\" data-element_type=\"widget\" data-e-type=\"widget\" data-widget_type=\"text-editor.default\">\n\t\t\t\t<div class=\"elementor-widget-container\">\n\t\t\t\t\t\t\t\t\t<p><span style=\"font-weight: 400;\">Az \u00d6n \u00e1ltal megadott szem\u00e9lyes adatokat kezeli:<\/span><\/p><p><b>Karner P\u00e9ter N\u00e1ndor E.V.<\/b><\/p><p><span style=\"font-weight: 400;\">Sz\u00e9khely: 1021 Budapest, Als\u00f3 V\u00f6lgy utca 14\/A\u00a0<\/span><\/p><p><span style=\"font-weight: 400;\">Ad\u00f3sz\u00e1m: 68237039-1-41<\/span><\/p><p><span style=\"font-weight: 400;\">Nyilv\u00e1ntart\u00e1si sz\u00e1m: 51449166<\/span><\/p><p><span style=\"font-weight: 400;\">\u00a0\u00a0&#8211; a tov\u00e1bbiakban: <\/span><b>Adatkezel\u0151<\/b><span style=\"font-weight: 400;\">.<\/span><\/p><p><span style=\"font-weight: 400;\">\u00a0<\/span><\/p><p><span style=\"font-weight: 400;\">K\u00e9rj\u00fck, figyelmesen olvassa el jelen adatkezel\u00e9si t\u00e1j\u00e9koztat\u00f3nkat (a tov\u00e1bbiakban: <\/span><b>T\u00e1j\u00e9koztat\u00f3<\/b><span style=\"font-weight: 400;\">), melyben szem\u00e9lyes adatai kezel\u00e9s\u00e9t \u00e9rint\u0151 gyakorlatunkat ismertetj\u00fck az \u00c1ltal\u00e1nos Adatv\u00e9delmi Rendelet (a GDPR, azaz az Eur\u00f3pai Parlament \u00e9s Tan\u00e1cs 2016\/679. rendelete) szerint. Ez a T\u00e1j\u00e9koztat\u00f3 az Adatkezel\u0151 szolg\u00e1ltat\u00e1sait fogyaszt\u00f3k\u00e9nt ig\u00e9nybe vev\u0151 szem\u00e9lyekre (<\/span><b>\u00d6n<\/b><span style=\"font-weight: 400;\">) vonatkozik. Bemutatja, hogy az Adatkezel\u0151 hogyan gy\u0171jti, haszn\u00e1lja fel \u00e9s osztja meg bizonyos esetekben harmadik felekkel az \u00d6n szem\u00e9lyes adatait, tov\u00e1bb\u00e1 inform\u00e1ci\u00f3val szolg\u00e1l az \u00d6n adatkezel\u00e9ssel \u00f6sszef\u00fcgg\u0151 \u201e\u00e9rintetti\u201d jogair\u00f3l.<\/span><\/p><p><span style=\"font-weight: 400;\">\u00a0<\/span><\/p><p><span style=\"font-weight: 400;\">Az Adatkezel\u0151 (Impresszum) elk\u00f6telezett e honlapot felkeres\u0151 egy\u00e9nek szem\u00e9lyes adatainak \u00e9s mag\u00e1n\u00e9let\u00e9nek v\u00e9delme ir\u00e1nt. Jelen t\u00e1j\u00e9koztat\u00f3 \u00e9s nyilatkozat mindenekel\u0151tt az \u00fcgyfelek \u00e9s h\u00edrlev\u00e9l-feliratkoz\u00f3k szem\u00e9lyes adatainak interneten kereszt\u00fcl t\u00f6rt\u00e9n\u0151 bizalmas kezel\u00e9s\u00e9r\u0151l \u00e9s v\u00e9delm\u00e9r\u0151l sz\u00f3l, mindazon\u00e1ltal ide tartoznak az oldal l\u00e1togat\u00f3i is. \u00d6sszefoglaljuk, hogy a tulajdonos milyen \u00d6nre vonatkoz\u00f3 adatokat hogyan gy\u0171jthet \u00e9s haszn\u00e1lhat fel, illetve milyen m\u00f3don haszn\u00e1lhatj\u00e1k fel. Az adatok illet\u00e9ktelen szem\u00e9lyek r\u00e9sz\u00e9re nem ker\u00fclnek \u00e1tad\u00e1sra \u00e9s ezen t\u00e1j\u00e9koztat\u00f3ban meghat\u00e1rozott form\u00e1ban ker\u00fclnek felhaszn\u00e1l\u00e1sra.<\/span><\/p><p><span style=\"font-weight: 400;\">\u00a0<\/span><\/p><p><span style=\"font-weight: 400;\">A szerz\u0151d\u00e9sekben egyedi esetekben az adatkezel\u00e9s c\u00e9lja m\u00f3dosulhat, mely az adott szerz\u0151d\u00e9sben r\u00f6gz\u00edtett felt\u00e9telekkel t\u00f6rt\u00e9nik.<\/span><\/p><p><span style=\"font-weight: 400;\">\u00a0<\/span><\/p><p><span style=\"font-weight: 400;\">A t\u00e1j\u00e9koztat\u00f3 fontos inform\u00e1ci\u00f3t ny\u00fajt \u00d6nnek szem\u00e9lyes adatai v\u00e9delm\u00e9r\u0151l \u00e9s ehhez f\u0171z\u0151d\u0151 jogair\u00f3l. Ha a felhaszn\u00e1l\u00f3 nem fogadja el ezen felt\u00e9teleket, jog\u00e1ban \u00e1ll a honlap haszn\u00e1lat\u00e1t felf\u00fcggeszteni \u00e9s szem\u00e9lyes adat megad\u00e1sa n\u00e9lk\u00fcl a b\u00f6ng\u00e9sz\u00e9st befejezni.<\/span><\/p><p><span style=\"font-weight: 400;\">\u00a0<\/span><\/p><h3><b>ADATKEZEL\u0150 FELEL\u0150SS\u00c9GE \u00c9S EL\u00c9RHET\u0150S\u00c9GE<\/b><\/h3><p><span style=\"font-weight: 400;\">\u00a0<\/span><\/p><p><b>1.1 Adatkezel\u00e9ssel kapcsolatos inform\u00e1ci\u00f3k<\/b><\/p><p><span style=\"font-weight: 400;\">\u00a0<\/span><\/p><p><span style=\"font-weight: 400;\">Jelen T\u00e1j\u00e9koztat\u00f3ban ismertetett adatkezel\u00e9sek tekintet\u00e9ben <\/span><b>Karner P\u00e9ter N\u00e1ndor E.V.<\/b><span style=\"font-weight: 400;\"> az adatkezel\u0151 (a tov\u00e1bbiakban: <\/span><b>Adatkezel\u0151<\/b><span style=\"font-weight: 400;\">).<\/span><\/p><p><span style=\"font-weight: 400;\">\u00a0<\/span><\/p><p><span style=\"font-weight: 400;\">Adatv\u00e9delmi elj\u00e1r\u00e1sainkat \u00e9rint\u0151 \u00e9szrev\u00e9tel, k\u00e9rd\u00e9s vagy panasz eset\u00e9n az al\u00e1bbi el\u00e9rhet\u0151s\u00e9geken vagyunk el\u00e9rhet\u0151ek:\u00a0<\/span><\/p><p><span style=\"font-weight: 400;\">E-mail: hello@flatmaningatlan.hu; Tel.: +36 20 926 0345<\/span><\/p><table><tbody><tr><td><b>Adatkezel\u0151:<\/b><\/td><td>\u00a0<\/td><\/tr><tr><td><p><b>Karner P\u00e9ter N\u00e1ndor<\/b><\/p><p><span style=\"font-weight: 400;\">1021 Budapest, Als\u00f3 V\u00f6lgy utca 14\/a<\/span><\/p><\/td><td><span style=\"font-weight: 400;\">\u00a0<\/span><\/td><\/tr><\/tbody><\/table><p><span style=\"font-weight: 400;\">\u00a0<\/span><\/p><p><span style=\"font-weight: 400;\">V\u00e1laszt\u00e1s\u00e1nak megfelel\u0151en \u00d6n szem\u00e9lyes adatai megad\u00e1sa n\u00e9lk\u00fcl is jogosult hozz\u00e1f\u00e9rni weboldalainkhoz, viszont a b\u00f6ng\u00e9sz\u00e9shez elengedhetetlen a s\u00fcti &#8211; cookie szab\u00e1lyzat elfogad\u00e1sa, h\u00edrlev\u00e9l-feliratkoz\u00e1s eset\u00e9n pedig az adatv\u00e9delmi t\u00e1j\u00e9koztat\u00f3 \u00e9s nyilatkozat j\u00f3v\u00e1hagy\u00e1sa. Szem\u00e9lyes adat az \u00f6sszes inform\u00e1ci\u00f3, amely k\u00f6zvetett vagy k\u00f6zvetlen m\u00f3don, azonos\u00edt\u00f3 sz\u00e1m szerint vagy az ehhez tartoz\u00f3 adatok alapj\u00e1n azonos\u00edthat\u00f3 term\u00e9szetes szem\u00e9lyre vonatkozik. Abban az esetben, hogyha az oldal Tulajdonosa az \u00d6n szem\u00e9lyes adatait gy\u0171jti, az adatgy\u0171jt\u00e9s \u00e1tl\u00e1that\u00f3 \u00e9s bizalmas adatkezel\u00e9ssel t\u00f6rt\u00e9nik.<\/span><\/p><p><span style=\"font-weight: 400;\">\u00a0<\/span><\/p><p><span style=\"font-weight: 400;\">Az \u00d6n szem\u00e9lyes adatai olyan inform\u00e1ci\u00f3k, melyek seg\u00edts\u00e9g\u00e9vel az \u00d6n szem\u00e9lye beazonos\u00edthat\u00f3, p\u00e9ld\u00e1ul: vezet\u00e9kn\u00e9v, ut\u00f3n\u00e9v, \u00e1llampolg\u00e1rs\u00e1g, telefonsz\u00e1m, postac\u00edm, e-mail c\u00edm. Az \u00d6n szem\u00e9lyes adatait \u00f6nk\u00e9ntesen megadott m\u00f3don, a tulajdonos az oldalon t\u00f6rt\u00e9n\u0151 b\u00f6ng\u00e9sz\u00e9skor gy\u0171jti, megjel\u00f6lve minden esetben a c\u00e9l el\u00e9r\u00e9s\u00e9hez sz\u00fcks\u00e9gszer\u0171en megadand\u00f3 adatokat. Ha nem k\u00edv\u00e1nja megadni ezen adatokat, akkor nem f\u00e9rhet hozz\u00e1 a honlap egyes funkci\u00f3ihoz, szolg\u00e1ltat\u00e1saihoz. Az opcion\u00e1lisan megadand\u00f3 adatok gy\u0171jt\u00e9se a felhaszn\u00e1l\u00f3i ig\u00e9nyek megismer\u00e9s\u00e9t, a honlap \u00e9s szolg\u00e1ltat\u00e1sok fejleszt\u00e9s\u00e9t szolg\u00e1lja.<\/span><\/p><p><span style=\"font-weight: 400;\">\u00a0<\/span><\/p><p><span style=\"font-weight: 400;\">A Tulajdonos minden int\u00e9zked\u00e9st megtesz, hogy az \u00e1ltala kezelt szem\u00e9lyes adatok pontosak, naprak\u00e9szek legyenek.<\/span><\/p><p><span style=\"font-weight: 400;\">\u00a0<\/span><\/p><p><b>Az al\u00e1bbi szem\u00e9lyes adatok kezel\u00e9se t\u00f6rt\u00e9nik:<\/b><\/p><p><span style=\"font-weight: 400;\">\u00a0<\/span><\/p><ul><li style=\"font-weight: 400;\" aria-level=\"1\"><span style=\"font-weight: 400;\">Vezet\u00e9kn\u00e9v, keresztn\u00e9v, c\u00e9gn\u00e9v \u00e9s kapcsolattart\u00f3 neve (c\u00e9g eset\u00e9n)<\/span><\/li><li style=\"font-weight: 400;\" aria-level=\"1\"><span style=\"font-weight: 400;\">Sz\u00e9khely c\u00edme (c\u00e9g eset\u00e9n), lakc\u00edm, levelez\u00e9si c\u00edm<\/span><\/li><li style=\"font-weight: 400;\" aria-level=\"1\"><span style=\"font-weight: 400;\">Email address<\/span><\/li><li style=\"font-weight: 400;\" aria-level=\"1\"><span style=\"font-weight: 400;\">Phone number<\/span><\/li><li style=\"font-weight: 400;\" aria-level=\"1\"><span style=\"font-weight: 400;\">Rendszer inform\u00e1ci\u00f3k (IP-c\u00edm, rendszer verzi\u00f3, felbont\u00e1s, statisztika a honlapon megtekintett oldalakr\u00f3l, b\u00f6ng\u00e9sz\u00e9si szok\u00e1sok, viselked\u00e9si mint\u00e1zat)<\/span><\/li><\/ul><p><span style=\"font-weight: 400;\">\u00a0<\/span><\/p><h3><b>Adatkezel\u00e9s id\u0151tartama:<\/b><\/h3><p><span style=\"font-weight: 400;\">\u00a0<\/span><\/p><ul><li style=\"font-weight: 400;\" aria-level=\"1\"><span style=\"font-weight: 400;\">Direkt marketing c\u00e9l\u00fa hozz\u00e1j\u00e1rul\u00e1sok tekintet\u00e9ben a felhaszn\u00e1l\u00f3 hozz\u00e1j\u00e1rul\u00e1s\u00e1nak visszavon\u00e1s\u00e1ig<\/span><\/li><li style=\"font-weight: 400;\" aria-level=\"1\"><span style=\"font-weight: 400;\">Profiladatok tekintet\u00e9ben az utols\u00f3 bejelentkez\u00e9st\u0151l sz\u00e1m\u00edtott 4 \u00e9v<\/span><\/li><\/ul><p><span style=\"font-weight: 400;\">\u00a0<\/span><\/p><h3><b>Adattov\u00e1bb\u00edt\u00e1s felt\u00e9telei<\/b><\/h3><p><span style=\"font-weight: 400;\">\u00a0<\/span><\/p><p><span style=\"font-weight: 400;\">Az Adatkezel\u0151 az \u00e1ltala kezelt adatokat &#8211; a sz\u00fcks\u00e9ges m\u00e9rt\u00e9kben &#8211; tov\u00e1bb\u00edthatja a k\u00f6vetkez\u0151 ter\u00fcleteken tev\u00e9kenyked\u0151, \u00e1ltala kijel\u00f6lt szem\u00e9lyek, valamint t\u00e1rsas\u00e1gok r\u00e9sz\u00e9re:<\/span><\/p><p><span style=\"font-weight: 400;\">\u00a0<\/span><\/p><ul><li style=\"font-weight: 400;\" aria-level=\"1\"><span style=\"font-weight: 400;\">Adatfeldolgoz\u00e1s<\/span><\/li><li style=\"font-weight: 400;\" aria-level=\"1\"><span style=\"font-weight: 400;\">Jogi k\u00e9pviselet<\/span><\/li><li style=\"font-weight: 400;\" aria-level=\"1\"><span style=\"font-weight: 400;\">Jogvit\u00e1k kezel\u00e9s\u00e9re jogszab\u00e1ly alapj\u00e1n jogosult szervek<\/span><\/li><li style=\"font-weight: 400;\" aria-level=\"1\"><span style=\"font-weight: 400;\">K\u00e9zbes\u00edt\u00e9s<\/span><\/li><li style=\"font-weight: 400;\" aria-level=\"1\"><span style=\"font-weight: 400;\">K\u00f6nyvel\u00e9s<\/span><\/li><li style=\"font-weight: 400;\" aria-level=\"1\"><span style=\"font-weight: 400;\">K\u00f6vetel\u00e9skezel\u00e9s<\/span><\/li><li style=\"font-weight: 400;\" aria-level=\"1\"><span style=\"font-weight: 400;\">Marketing<\/span><\/li><li style=\"font-weight: 400;\" aria-level=\"1\"><span style=\"font-weight: 400;\">Sz\u00e1ml\u00e1z\u00e1s<\/span><\/li><\/ul><p><span style=\"font-weight: 400;\">\u00a0<\/span><\/p><h3><b>Mely c\u00e9gek kapcsol\u00f3dnak az adatkezel\u00e9shez?<\/b><\/h3><p><span style=\"font-weight: 400;\">\u00a0<\/span><\/p><p><span style=\"font-weight: 400;\">A Tulajdonos tev\u00e9kenys\u00e9ge sor\u00e1n az adatkezel\u00e9sben \u00e9rintett c\u00e9gek:<\/span><\/p><ul><li style=\"font-weight: 400;\" aria-level=\"1\"><b>T\u00e1rhely szolg\u00e1ltat\u00f3<\/b><span style=\"font-weight: 400;\">:<\/span><\/li><li style=\"font-weight: 400;\" aria-level=\"1\"><span style=\"font-weight: 400;\">N\u00e9v: T\u00e1rhely.Eu Szolg\u00e1ltat\u00f3 Kft.<\/span><\/li><li style=\"font-weight: 400;\" aria-level=\"1\"><span style=\"font-weight: 400;\"><span style=\"font-weight: 400;\">C\u00edm: 1144 Budapest, Orm\u00e1ns\u00e1g utca 4. X. em. 241.<\/span><\/span><\/li><li style=\"font-weight: 400;\" aria-level=\"1\"><span style=\"font-weight: 400;\">Email: gdpr@tarhely.eu<\/span><\/li><li style=\"font-weight: 400;\" aria-level=\"1\"><span style=\"font-weight: 400;\">Telefon: +36 1 789-2-789<\/span><\/li><li style=\"font-weight: 400;\" aria-level=\"1\"><span style=\"font-weight: 400;\">Fax: +36 1 789-3-789<\/span><\/li><li style=\"font-weight: 400;\" aria-level=\"1\"><span style=\"font-weight: 400;\">Honlap:<\/span><a href=\"https:\/\/www.rackhost.hu\">\u00a0<\/a>tarhely.eu<\/li><li style=\"font-weight: 400;\" aria-level=\"1\"><span style=\"font-weight: 400;\">Adatv\u00e9delmi nyilatkozat: tarhely.eu\/dokumentumok\/adatvedelmi_szabalyzat.pdf<\/span><\/li><li style=\"font-weight: 400;\" aria-level=\"1\"><b>Google Inc.<\/b><span style=\"font-weight: 400;\">: 1600 Amphitheatre Parkway, Mountain View, CA 94043, USA,<\/span><a href=\"https:\/\/www.google.hu\/intl\/hu\/contact\/\"><span style=\"font-weight: 400;\"> tov\u00e1bbi el\u00e9rhet\u0151s\u00e9gek<\/span><\/a><span style=\"font-weight: 400;\">, levelez\u0151 rendszer, felh\u0151ben t\u00f6rt\u00e9n\u0151 adat \u00e9s f\u00e1jl t\u00e1rol\u00e1s, online dokumentum kezel\u00e9s, tov\u00e1bb\u00e1 a hozz\u00e1tartoz\u00f3 szolg\u00e1ltat\u00e1sok: Google Drive, Google Docs, Google Search Console, Google Analytics, Google AdSense, Google AdWords, YouTube, Blogger, Chrome b\u00f6ng\u00e9sz\u0151 t\u00e1mogat\u00e1sa &#8211; Google<\/span><a href=\"https:\/\/support.google.com\/a\/answer\/60762?hl=en\"><span style=\"font-weight: 400;\"> adatv\u00e9delme<\/span><\/a><span style=\"font-weight: 400;\"> \u00e9s<\/span><a href=\"https:\/\/policies.google.com\/privacy?hl=hu\"><span style=\"font-weight: 400;\"> adatv\u00e9delmi elvei<\/span><\/a><span style=\"font-weight: 400;\">.<\/span><\/li><li style=\"font-weight: 400;\" aria-level=\"1\"><b>Facebook Ireland Ltd.<\/b><span style=\"font-weight: 400;\">: 4 Grand Canal Square, Grand Canal Harbour, Dublin 2 Ireland, a Facebook, Instagram, Messenger \u00e9s Facebook \u00e1ltal k\u00edn\u00e1lt egy\u00e9b term\u00e9kek, funkci\u00f3k t\u00e1mogat\u00e1sa &#8211;<\/span><a href=\"https:\/\/www.facebook.com\/about\/privacy\/update\"><span style=\"font-weight: 400;\"> adatkezel\u00e9si szab\u00e1lyzat<\/span><\/a><span style=\"font-weight: 400;\"> \u00e9s adatv\u00e9delmi tisztvisel\u0151<\/span><a href=\"https:\/\/www.facebook.com\/help\/contact\/540977946302970\"><span style=\"font-weight: 400;\"> el\u00e9rhet\u0151s\u00e9ge.<\/span><\/a><\/li><li style=\"font-weight: 400;\" aria-level=\"1\"><span style=\"font-weight: 400;\">Speci\u00e1lis esetekben a szerz\u0151d\u00e9s tartalmazhat tov\u00e1bbi adatfeldolgoz\u00f3 szem\u00e9lyeket vagy c\u00e9geket.<\/span><\/li><\/ul><p><span style=\"font-weight: 400;\">\u00a0<\/span><\/p><h3><b>Adattulajdonosi jogok \u00e9s jog\u00e9rv\u00e9nyes\u00edt\u00e9s<\/b><\/h3><p><span style=\"font-weight: 400;\">\u00a0<\/span><\/p><p><span style=\"font-weight: 400;\">Amennyiben nem szeretn\u00e9 szem\u00e9lyes adatai kereskedelmi aj\u00e1nlatok k\u00f6zl\u00e9s\u00e9re t\u00f6rt\u00e9n\u0151 felhaszn\u00e1l\u00e1s\u00e1t, joga van mindezt indokl\u00e1s n\u00e9lk\u00fcl megtiltani. T\u00f6rl\u00e9si k\u00e9relm\u00e9t \u00edr\u00e1sban sz\u00fcks\u00e9ges megk\u00fcldenie az Adatkezel\u0151 r\u00e9sz\u00e9re, e-mailben vagy postai lev\u00e9l form\u00e1j\u00e1ban, az Impresszumban megjel\u00f6lt el\u00e9rhet\u0151s\u00e9gekre.<\/span><\/p><p><span style=\"font-weight: 400;\">\u00a0<\/span><\/p><h3><b>Kiskor\u00faak \u00e9s korl\u00e1tozottan cselekv\u0151k\u00e9pes szem\u00e9lyes adatainak v\u00e9delme<\/b><\/h3><p><span style=\"font-weight: 400;\">\u00a0<\/span><\/p><p><b>Karner P\u00e9ter N\u00e1ndor<\/b><span style=\"font-weight: 400;\"> internetes weboldala, valamint megjelen\u00e9seinek tartalma t\u00f6bbnyire nem 13 \u00e9v alatti kiskor\u00faak r\u00e9sz\u00e9re sz\u00f3l. Nem kezel\u00fcnk \u00e9s nem gy\u0171jt\u00fcnk 13 \u00e9v alatti gyermekekr\u0151l szem\u00e9lyes adatokat igazolhat\u00f3 sz\u00fcl\u0151i vagy gondvisel\u0151i hozz\u00e1j\u00e1rul\u00e1s n\u00e9lk\u00fcl. Sz\u00fclei vagy gondvisel\u0151i k\u00e9rhetik a gyermekre vonatkoz\u00f3 adatok kiad\u00e1s\u00e1t, t\u00f6rl\u00e9s\u00e9t. Ha az Adatkezel\u0151 sz\u00e1m\u00e1ra az adatkezel\u00e9s, adatfeldolgoz\u00e1s folyam\u00e1n v\u00e1lik nyilv\u00e1nval\u00f3v\u00e1 az \u00e9letkor, abban az esetben a sz\u00fcl\u0151i hozz\u00e1j\u00e1rul\u00e1s beszerz\u00e9se c\u00e9lj\u00e1b\u00f3l az adatok felhaszn\u00e1lhat\u00f3k.<\/span><\/p><p><span style=\"font-weight: 400;\">\u00a0<\/span><\/p><p><span style=\"font-weight: 400;\">T\u00f6rv\u00e9nyes k\u00e9pvisel\u0151 hozz\u00e1j\u00e1rul\u00e1sa sz\u00fcks\u00e9ges cselekv\u0151k\u00e9ptelen \u00e9s korl\u00e1tozottan cselekv\u0151k\u00e9pes kiskor\u00fa szem\u00e9ly nyilatkozat\u00e1hoz, kiv\u00e9ve a mindennapi \u00e9letben t\u00f6megesen el\u0151fordul\u00f3 regisztr\u00e1ci\u00f3t c\u00e9lz\u00f3 \u00e9s k\u00fcl\u00f6n\u00f6sebb megfontol\u00e1st nem ig\u00e9nyl\u0151 szolg\u00e1ltat\u00e1sr\u00e9szeket.<\/span><\/p><p><span style=\"font-weight: 400;\">\u00a0<\/span><\/p><h3><b>Cookie-k (s\u00fctik) kezel\u00e9se<\/b><\/h3><p><span style=\"font-weight: 400;\">\u00a0<\/span><\/p><p><span style=\"font-weight: 400;\">Az Adatkezel\u00e9si T\u00e1j\u00e9koztat\u00f3 nyilatkozatban olvashat b\u0151vebben a s\u00fctik (cookie-k) kezel\u00e9s\u00e9r\u0151l.<\/span><\/p><p><span style=\"font-weight: 400;\">\u00a0<\/span><\/p><h3><b>Fogalmak<\/b><\/h3><p><span style=\"font-weight: 400;\">\u00a0<\/span><\/p><ul><li style=\"font-weight: 400;\" aria-level=\"1\"><b>Adatfeldolgoz\u00f3: <\/b><span style=\"font-weight: 400;\">term\u00e9szetes vagy jogi szem\u00e9ly, k\u00f6zhatalmi szerv, \u00fcgyn\u00f6ks\u00e9g vagy b\u00e1rmely egy\u00e9b szerv, amely az adatkezel\u0151 nev\u00e9ben szem\u00e9lyes adatokat kezel<\/span><\/li><li style=\"font-weight: 400;\" aria-level=\"1\"><b>Adatkezel\u00e9s: <\/b><span style=\"font-weight: 400;\">a szem\u00e9lyes adatokon vagy adat\u00e1llom\u00e1nyokon automatiz\u00e1lt vagy nem automatiz\u00e1lt m\u00f3don v\u00e9gzett b\u00e1rmely m\u0171velet vagy m\u0171veletek \u00f6sszess\u00e9ge, p\u00e9ld\u00e1ul: gy\u0171jt\u00e9s, r\u00f6gz\u00edt\u00e9s, rendszerez\u00e9s, tagol\u00e1s, t\u00e1rol\u00e1s, \u00e1talak\u00edt\u00e1s, megv\u00e1ltoztat\u00e1s, lek\u00e9rdez\u00e9s, betekint\u00e9s, felhaszn\u00e1l\u00e1s, k\u00f6zl\u00e9s, tov\u00e1bb\u00edt\u00e1s, terjeszt\u00e9s, egy\u00e9b m\u00f3don t\u00f6rt\u00e9n\u0151 hozz\u00e1f\u00e9rhet\u0151v\u00e9 t\u00e9tel, \u00f6sszehangol\u00e1s, \u00f6sszekapcsol\u00e1s, korl\u00e1toz\u00e1s, t\u00f6rl\u00e9s, megsemmis\u00edt\u00e9s<\/span><\/li><li style=\"font-weight: 400;\" aria-level=\"1\"><b>Adattov\u00e1bb\u00edt\u00e1s:<\/b><span style=\"font-weight: 400;\"> az Adatkezel\u0151 \u00e1ltal kezelt szem\u00e9lyes adatok harmadik szem\u00e9lyek sz\u00e1m\u00e1ra t\u00f6rt\u00e9n\u0151 hozz\u00e1f\u00e9rhet\u0151v\u00e9 t\u00e9tele<\/span><\/li><li style=\"font-weight: 400;\" aria-level=\"1\"><b>Adatv\u00e9delmi incidens: <\/b><span style=\"font-weight: 400;\">a biztons\u00e1g s\u00e9r\u00fcl\u00e9se, amely a tov\u00e1bb\u00edtott, t\u00e1rolt vagy m\u00e1s m\u00f3don kezelt szem\u00e9lyes adatok v\u00e9letlen vagy jogellenes megsemmis\u00edt\u00e9s\u00e9t, elveszt\u00e9s\u00e9t, megv\u00e1ltoztat\u00e1s\u00e1t, jogosulatlan k\u00f6zl\u00e9s\u00e9t vagy az azokhoz val\u00f3 jogosulatlan hozz\u00e1f\u00e9r\u00e9st eredm\u00e9nyezi<\/span><\/li><li style=\"font-weight: 400;\" aria-level=\"1\"><b>\u00c1SZF<\/b><span style=\"font-weight: 400;\">: a weboldalon k\u00f6zz\u00e9tett, az Adatkezel\u0151 term\u00e9k- \u00e9s szolg\u00e1ltat\u00e1s-\u00e9rt\u00e9kes\u00edt\u00e9si szab\u00e1lyait r\u00f6gz\u00edt\u0151 \u00c1ltal\u00e1nos Szerz\u0151d\u00e9si Felt\u00e9telek<\/span><\/li><li style=\"font-weight: 400;\" aria-level=\"1\"><b>Azonos\u00edthat\u00f3 term\u00e9szetes szem\u00e9ly:<\/b><span style=\"font-weight: 400;\"> term\u00e9szetes szem\u00e9ly, aki k\u00f6zvetlen vagy k\u00f6zvetett m\u00f3don, valamely azonos\u00edt\u00f3, p\u00e9ld\u00e1ul: n\u00e9v, azonos\u00edt\u00f3 sz\u00e1m, helymeghat\u00e1roz\u00f3 adat, online azonos\u00edt\u00f3, fizikai, fiziol\u00f3giai, genetikai, szellemi, gazdas\u00e1gi, kultur\u00e1lis vagy szoci\u00e1lis azonoss\u00e1g\u00e1ra vonatkoz\u00f3 egy vagy t\u00f6bb t\u00e9nyez\u0151 alapj\u00e1n azonos\u00edthat\u00f3<\/span><\/li><li style=\"font-weight: 400;\" aria-level=\"1\"><b>C\u00edmzett:<\/b><span style=\"font-weight: 400;\"> term\u00e9szetes vagy jogi szem\u00e9ly, k\u00f6zhatalmi szerv, \u00fcgyn\u00f6ks\u00e9g vagy b\u00e1rmely egy\u00e9b szerv, amellyel a szem\u00e9lyes adatot k\u00f6zlik, f\u00fcggetlen\u00fcl att\u00f3l, hogy harmadik f\u00e9l-e<\/span><\/li><li style=\"font-weight: 400;\" aria-level=\"1\"><b>\u00c9rintett hozz\u00e1j\u00e1rul\u00e1sa:<\/b><span style=\"font-weight: 400;\"> az \u00e9rintett akarat\u00e1nak \u00f6nk\u00e9ntes, konkr\u00e9t, megfelel\u0151 t\u00e1j\u00e9koztat\u00e1son alapul\u00f3, egy\u00e9rtelm\u0171 kinyilv\u00e1n\u00edt\u00e1sa, amellyel az \u00e9rintett nyilatkozat vagy a meger\u0151s\u00edt\u00e9st f\u00e9lre\u00e9rthetetlen\u00fcl kifejez\u0151 cselekedet \u00fatj\u00e1n jelzi, hogy beleegyez\u00e9s\u00e9t adja az \u0151t \u00e9rint\u0151 szem\u00e9lyes adatok kezel\u00e9s\u00e9hez<\/span><\/li><li style=\"font-weight: 400;\" aria-level=\"1\"><b>\u00c9rintett:<\/b><span style=\"font-weight: 400;\"> b\u00e1rmely inform\u00e1ci\u00f3 alapj\u00e1n azonos\u00edtott vagy azonos\u00edthat\u00f3 term\u00e9szetes szem\u00e9ly<\/span><\/li><li style=\"font-weight: 400;\" aria-level=\"1\"><b>Felhaszn\u00e1l\u00f3k:<\/b><span style=\"font-weight: 400;\"> az Adatkezel\u0151 \u00e1ltal \u00fczemeltetett, https:\/\/flatmaningatlan.hu weboldalon \u00e9s az ott meghat\u00e1rozott egy\u00e9b c\u00edmeken el\u00e9rhet\u0151 weboldalak l\u00e1togat\u00f3i<\/span><\/li><li style=\"font-weight: 400;\" aria-level=\"1\"><b>Harmadik f\u00e9l:<\/b><span style=\"font-weight: 400;\"> term\u00e9szetes vagy jogi szem\u00e9ly, k\u00f6zhatalmi szerv, \u00fcgyn\u00f6ks\u00e9g vagy b\u00e1rmely egy\u00e9b szerv, amely nem azonos az \u00e9rintettel, az adatkezel\u0151vel, az adatfeldolgoz\u00f3val vagy azokkal a szem\u00e9lyekkel, akik az adatkezel\u0151 vagy adatfeldolgoz\u00f3 k\u00f6zvetlen ir\u00e1ny\u00edt\u00e1sa alatt a szem\u00e9lyes adatok kezel\u00e9s\u00e9re felhatalmaz\u00e1st kaptak<\/span><\/li><li style=\"font-weight: 400;\" aria-level=\"1\"><b>Hat\u00f3s\u00e1g: <\/b><span style=\"font-weight: 400;\">Nemzeti Adatv\u00e9delmi \u00e9s Inform\u00e1ci\u00f3szabads\u00e1g Hat\u00f3s\u00e1g (sz\u00e9khely: 1125 Budapest, Szil\u00e1gyi Erzs\u00e9bet fasor 22\/c., telefon: 06-1 391-1400, fax: 06-1 391-1410, e-mail: ugyfelszolgalat@naih.hu, weboldal: naih.hu)<\/span><\/li><li style=\"font-weight: 400;\" aria-level=\"1\"><b>Partner\/\u00dcgyf\u00e9l:<\/b><span style=\"font-weight: 400;\"> term\u00e9szetes szem\u00e9ly, aki az Adatkezel\u0151vel nem weboldalon k\u00f6t szerz\u0151d\u00e9st term\u00e9k \u00e9rt\u00e9kes\u00edt\u00e9s\u00e9re vagy szolg\u00e1ltat\u00e1s ny\u00fajt\u00e1s\u00e1ra<\/span><\/li><li style=\"font-weight: 400;\" aria-level=\"1\"><b>Regisztr\u00e1ci\u00f3: <\/b><span style=\"font-weight: 400;\">a weboldal felhaszn\u00e1l\u00f3 szem\u00e9lyes adatainak r\u00f6gz\u00edt\u00e9se, mellyel felhaszn\u00e1l\u00f3i fi\u00f3kot hoz l\u00e9tre<\/span><\/li><li style=\"font-weight: 400;\" aria-level=\"1\"><b>Szem\u00e9lyes adat:<\/b><span style=\"font-weight: 400;\"> az \u00e9rintettre vonatkoz\u00f3 b\u00e1rmely inform\u00e1ci\u00f3<\/span><\/li><li style=\"font-weight: 400;\" aria-level=\"1\"><b>Szolg\u00e1ltat\u00e1s: <\/b><span style=\"font-weight: 400;\">az Adatkezel\u0151 \u00e1ltal \u00dcgyfelei, Partnerei \u00e9s Felhaszn\u00e1l\u00f3i r\u00e9sz\u00e9re a weboldalon vagy egy\u00e9b m\u00f3don ny\u00fajtott, az \u00c1SZF-ben r\u00e9szletezett term\u00e9k\u00e9rt\u00e9kes\u00edt\u00e9si \u00e9s egy\u00e9b szolg\u00e1ltat\u00e1sok<\/span><\/li><li style=\"font-weight: 400;\" aria-level=\"1\"><b>Weboldal:<\/b><span style=\"font-weight: 400;\"> az Adatkezel\u0151 \u00e1ltal \u00fczemeltetett, <\/span><b>Karner P\u00e9ter N\u00e1ndor<\/b><span style=\"font-weight: 400;\"> \u00e9s az ott meghat\u00e1rozott egy\u00e9b c\u00edmeken el\u00e9rhet\u0151 weboldalai<\/span><pre>\u00a0<\/pre><\/li><\/ul>\t\t\t\t\t\t\t\t<\/div>\n\t\t\t\t<\/div>\n\t\t\t\t\t<\/div>\n\t\t\t\t<\/div>\n\t\t<div class=\"elementor-element elementor-element-e67d410 e-flex e-con-boxed e-con e-parent\" data-id=\"e67d410\" data-element_type=\"container\" data-e-type=\"container\">\n\t\t\t\t\t<div class=\"e-con-inner\">\n\t\t\t\t<div class=\"elementor-element elementor-element-994306f elementor-widget elementor-widget-menu-anchor\" data-id=\"994306f\" data-element_type=\"widget\" data-e-type=\"widget\" data-widget_type=\"menu-anchor.default\">\n\t\t\t\t<div class=\"elementor-widget-container\">\n\t\t\t\t\t\t\t<div class=\"elementor-menu-anchor\" id=\"en-privacy-policy\"><\/div>\n\t\t\t\t\t\t<\/div>\n\t\t\t\t<\/div>\n\t\t\t\t<div class=\"elementor-element elementor-element-b44bb0d elementor-widget elementor-widget-spacer\" data-id=\"b44bb0d\" data-element_type=\"widget\" data-e-type=\"widget\" data-widget_type=\"spacer.default\">\n\t\t\t\t<div class=\"elementor-widget-container\">\n\t\t\t\t\t\t\t<div class=\"elementor-spacer\">\n\t\t\t<div class=\"elementor-spacer-inner\"><\/div>\n\t\t<\/div>\n\t\t\t\t\t\t<\/div>\n\t\t\t\t<\/div>\n\t\t\t\t\t<\/div>\n\t\t\t\t<\/div>\n\t\t<div class=\"elementor-element elementor-element-8ee8d2a e-flex e-con-boxed e-con e-parent\" data-id=\"8ee8d2a\" data-element_type=\"container\" data-e-type=\"container\">\n\t\t\t\t\t<div class=\"e-con-inner\">\n\t\t\t\t<div class=\"elementor-element elementor-element-5a1b0e5 elementor-widget elementor-widget-heading\" data-id=\"5a1b0e5\" data-element_type=\"widget\" data-e-type=\"widget\" data-widget_type=\"heading.default\">\n\t\t\t\t<div class=\"elementor-widget-container\">\n\t\t\t\t\t<h1 class=\"elementor-heading-title elementor-size-default\">Privacy Policy (GDPR)<\/h1>\t\t\t\t<\/div>\n\t\t\t\t<\/div>\n\t\t\t\t<div class=\"elementor-element elementor-element-c983bda elementor-widget elementor-widget-heading\" data-id=\"c983bda\" data-element_type=\"widget\" data-e-type=\"widget\" data-widget_type=\"heading.default\">\n\t\t\t\t<div class=\"elementor-widget-container\">\n\t\t\t\t\t<h6 class=\"elementor-heading-title elementor-size-default\">(Translated by ChatGPT 4)<\/h6>\t\t\t\t<\/div>\n\t\t\t\t<\/div>\n\t\t\t\t<div class=\"elementor-element elementor-element-0500637 elementor-widget elementor-widget-text-editor\" data-id=\"0500637\" data-element_type=\"widget\" data-e-type=\"widget\" data-widget_type=\"text-editor.default\">\n\t\t\t\t<div class=\"elementor-widget-container\">\n\t\t\t\t\t\t\t\t\t<p>The personal data provided by you is processed by:<\/p><p><b>Karner P\u00e9ter N\u00e1ndor<\/b><\/p><p>Registered office: 1021 Budapest, Als\u00f3 V\u00f6lgy utca 14\/A<\/p><p>Tax number: 68237039-1-41<\/p><p>Registration number: 51449166<\/p><p>&#8211; hereinafter: <b>Data Controller<\/b>.<\/p><p>Please read our data processing information (hereinafter: <b>Information<\/b>) carefully, in which we describe our practices concerning the processing of your personal data according to the General Data Protection Regulation (GDPR, i.e., Regulation 2016\/679 of the European Parliament and Council). This Information applies to individuals (You) who use the Data Controller&#8217;s services as consumers. It presents how the Data Controller collects, uses, and in certain cases, shares your personal data with third parties, and provides information about your rights related to data processing.<\/p><p>The Data Controller (Impressum) is committed to protecting the personal data and privacy of individuals visiting this website. This information and declaration primarily concern the confidential handling and protection of personal data of clients and newsletter subscribers over the internet, but it also includes site visitors. We summarize how the owner may collect and use data about you and how it can be used. The data will not be transferred to unauthorized individuals and will be used in the form specified in this information.<\/p><p>In individual cases in contracts, the purpose of data processing may change, which occurs under the conditions specified in the respective contract.<\/p><p>This information provides you with important details about the protection of your personal data and your related rights. If the user does not accept these conditions, they have the right to suspend the use of the website and finish browsing without providing personal data.<\/p><h4><strong>DATA CONTROLLER&#8217;S RESPONSIBILITY AND CONTACT<\/strong><\/h4><div><strong>\u00a0<\/strong><\/div><p><strong>1.1 Information related to data processing<\/strong><\/p><p>In terms of the data processing described in this Information, <b>Karner P\u00e9ter N\u00e1ndor<\/b> is the data controller (hereinafter: <b>Data Controller<\/b>).<\/p><p>For comments, questions, or complaints concerning our data protection procedures, we can be reached at the following contact details:<\/p><p>E-mail: hello@flatmaningatlan.hu; Tel.: +36 20 926 0345<\/p><p><b>Data Controller: Karner P\u00e9ter N\u00e1ndor<\/b><\/p><p>1021 Budapest, Als\u00f3 V\u00f6lgy utca 14\/a<\/p><p>You can access our websites without providing personal data, but accepting the cookie policy is essential for browsing, and approving the data protection information and declaration is required in case of newsletter subscription. Personal data is all information that directly or indirectly, by identification number or related data, refers to a natural person. In the case that the site Owner collects your personal data, data collection occurs transparently and confidentially.<\/p><p>Your personal data are pieces of information that help to identify you, such as: surname, first name, nationality, phone number, postal address, email address. The owner collects your personal data voluntarily provided during browsing on the site, always indicating the data necessary to achieve the purpose. If you do not wish to provide this data, you will not be able to access certain functions or services of the website. The collection of optionally provided data serves to understand user needs, and develop the website and services.<\/p><p>The Owner takes all measures to ensure that the personal data it manages are accurate and up-to-date.<\/p><p><strong>The following personal data are processed:<\/strong><\/p><ul><li>Surname, first name, company name and contact name (in case of a company)<\/li><li>Registered office address (in case of a company), residential address, mailing address<\/li><li>Email address<\/li><li>Phone number<\/li><li>System information (IP address, system version, resolution, statistics about pages viewed on the site, browsing habits, behavioral patterns)<\/li><\/ul><h4><strong>Duration of data processing:<\/strong><\/h4><ul><li>Until withdrawal of consent for direct marketing purposes<\/li><li>For profile data, 4 years from the last login<\/li><\/ul><h4><strong>Conditions for data transfer<\/strong><\/h4><p>The Data Controller may transfer the data it manages \u2013 to the necessary extent \u2013 to the following individuals and companies operating in the following areas, appointed by it:<\/p><ul><li>Data processing<\/li><li>Legal representation<\/li><li>Organizations authorized by law to handle legal disputes<\/li><li>Delivery<\/li><li>Accounting<\/li><li>Debt management<\/li><li>Marketing<\/li><li>Billing<\/li><\/ul><h4><strong>Which companies are involved in data processing?<\/strong><\/h4><p>In the course of the Owner&#8217;s activities, the companies involved in data processing are:<\/p><ul><li><strong>Hosting provider:<\/strong><br \/>Name: T\u00e1rhely.Eu Szolg\u00e1ltat\u00f3 Kft.<br \/>Address: 1144 Budapest, Orm\u00e1ns\u00e1g street 4. X. floor 241.<br \/>Email: gdpr@tarhely.eu<br \/>Phone: +36 1 789-2-789<br \/>Fax: +36 1 789-3-789<br \/>Website: tarhely.eu<br \/>Privacy statement: tarhely.eu\/dokumentumok\/adatvedelmi_szabalyzat.pdf<br \/><strong>&#8211; Google Inc.:<\/strong> 1600 Amphitheatre Parkway, Mountain View, CA 94043, USA, additional contacts, mailing system, cloud-based data and file storage, online document management, and related services: Google Drive, Google Docs, Google Search Console, Google Analytics, Google AdSense, Google AdWords, YouTube, Blogger, Chrome browser support &#8211; Google privacy and privacy principles.<br \/><b>Facebook Ireland Ltd.:<\/b> 4 Grand Canal Square, Grand Canal Harbour, Dublin 2 Ireland, support for Facebook, Instagram, Messenger, and other products and features offered by Facebook &#8211; data processing policy and data protection officer contact.<br \/>In special cases, the contract may include additional data processors or companies.<\/li><\/ul><h4><strong>Data owner&#8217;s rights and enforcement<\/strong><\/h4><p>If you do not wish your personal data to be used for communicating commercial offers, you have the right to prohibit this without justification. You must send your deletion request in writing to the Data Controller, by email or postal letter, to the contacts specified in the Impressum.<\/p><h4><strong>Protection of minors and individuals with limited capacity<\/strong><\/h4><p><b>Karner P\u00e9ter N\u00e1ndor<\/b>&#8216;s internet website and the content of its appearances are mostly not intended for minors under 13 years of age. We do not handle or collect personal data of children under 13 without verifiable parental or guardian consent. Parents or guardians can request the release, deletion of data concerning the child. If the Data Controller becomes aware of the age during data processing, the data can be used to obtain parental consent.<\/p><p>Consent from the legal representative is required for the statement of an incapacitated and minor with limited capacity, except for services commonly occurring in everyday life that are aimed at registration and do not require special consideration.<\/p><h4><strong>Handling of cookies (cookies)<\/strong><\/h4><p>You can read more about the handling of cookies (cookies) in the Data Processing Information statement.<\/p><h4><strong>Concepts<\/strong><\/h4><ul><li><b>Data processor<\/b>: natural or legal person, public authority, agency, or any other body that processes personal data on behalf of the data controller<\/li><li><b>Data processing<\/b>: any operation or set of operations performed on personal data or data sets, automated or not, such as: collection, recording, organization, structuring, storage, conversion, modification, querying, viewing, use, communication, transmission, distribution, otherwise making available, alignment, linking, restriction, deletion, destruction<\/li><li><b>Data transfer<\/b>: making personal data managed by the Data Controller available to third parties<\/li><li><b>Data protection incident<\/b>: a security breach resulting in the accidental or unlawful destruction, loss, alteration, unauthorized disclosure, or access to transmitted, stored, or otherwise processed personal data<\/li><li><b>GTC<\/b>: General Terms and Conditions published on the website, detailing the rules for product and service sales by the Data Controller<\/li><li><b>Identifiable natural person<\/b>: a natural person who is identifiable, directly or indirectly, by an identifier such as: name, identification number, location data, online identifier, or one or more factors specific to the physical, physiological, genetic, mental, economic, cultural, or social identity of the person<\/li><li><b>Recipient<\/b>: natural or legal person, public authority, agency, or any other body to whom personal data is communicated, regardless of whether it is a third party<\/li><li><b>Consent of the subject<\/b>: the subject&#8217;s voluntary, specific, informed, and unambiguous expression of will, by which the subject, through a statement or an act unequivocally expressing confirmation, indicates their consent to the processing of personal data concerning them<\/li><li><b>Subject<\/b>: any identified or identifiable natural person<\/li><li><b>Users<\/b>: visitors to the websites operated by the Data Controller, accessible at https:\/\/flatmaningatlan.hu and other specified addresses<\/li><li>Third party: natural or legal person, public authority, agency, or any other body that is not the same as the subject, the data controller, the data processor, or persons who have been authorized to process personal data under the direct control of the data controller or data processor<\/li><li><b>Authority<\/b>: National Data Protection and Freedom of Information Authority (headquarters: 1125 Budapest, Szil\u00e1gyi Erzs\u00e9bet fasor 22\/c., phone: 06-1 391-1400, fax: 06-1 391-1410, email: ugyfelszolgalat@naih.hu, website: naih.hu)<\/li><li><b>Partner\/Client<\/b>: natural person who contracts with the Data Controller for product sales or service provision not through the website<\/li><li><b>Registration<\/b>: recording of the personal data of the website user, thereby creating a user account<\/li><li><b>Personal data<\/b>: any information concerning the subject<\/li><li><b>Service<\/b>: products and services provided by the Data Controller to its Clients, Partners, and Users on the website or otherwise, detailed in the GTC<\/li><li><b>Website<\/b>: websites operated by the Data Controller, accessible at Karner P\u00e9ter N\u00e1ndor and other specified addresses<\/li><\/ul>\t\t\t\t\t\t\t\t<\/div>\n\t\t\t\t<\/div>\n\t\t\t\t\t<\/div>\n\t\t\t\t<\/div>\n\t\t\t\t<\/div>","protected":false},"excerpt":{"rendered":"<p>Go to English version Adatv\u00e9delmi ir\u00e1nyelvek (GDPR) Az \u00d6n \u00e1ltal megadott szem\u00e9lyes adatokat kezeli: Karner P\u00e9ter N\u00e1ndor E.V. Sz\u00e9khely: 1021 Budapest, Als\u00f3 V\u00f6lgy utca 14\/A\u00a0 Ad\u00f3sz\u00e1m: 68237039-1-41 Nyilv\u00e1ntart\u00e1si sz\u00e1m: 51449166 \u00a0\u00a0&#8211; a tov\u00e1bbiakban: Adatkezel\u0151. \u00a0 K\u00e9rj\u00fck, figyelmesen olvassa el jelen adatkezel\u00e9si t\u00e1j\u00e9koztat\u00f3nkat (a tov\u00e1bbiakban: T\u00e1j\u00e9koztat\u00f3), melyben szem\u00e9lyes adatai kezel\u00e9s\u00e9t \u00e9rint\u0151 gyakorlatunkat ismertetj\u00fck az \u00c1ltal\u00e1nos Adatv\u00e9delmi [&hellip;]<\/p>\n","protected":false},"author":1,"featured_media":0,"parent":0,"menu_order":0,"comment_status":"closed","ping_status":"closed","template":"elementor_header_footer","meta":{"footnotes":""},"class_list":["post-3","page","type-page","status-publish","hentry"],"yoast_head":"<!-- This site is optimized with the Yoast SEO Premium plugin v27.4 (Yoast SEO v27.4) - https:\/\/yoast.com\/product\/yoast-seo-premium-wordpress\/ -->\n<title>Adatv\u00e9delmi ir\u00e1nyelvek (GDPR) - Flatman Ingatlan<\/title>\n<meta name=\"robots\" content=\"noindex, follow\" \/>\n<meta property=\"og:locale\" content=\"en_GB\" \/>\n<meta property=\"og:type\" content=\"article\" \/>\n<meta property=\"og:title\" content=\"Adatv\u00e9delmi ir\u00e1nyelvek (GDPR)\" \/>\n<meta property=\"og:description\" content=\"Go to English version Adatv\u00e9delmi ir\u00e1nyelvek (GDPR) Az \u00d6n \u00e1ltal megadott szem\u00e9lyes adatokat kezeli: Karner P\u00e9ter N\u00e1ndor E.V. Sz\u00e9khely: 1021 Budapest, Als\u00f3 V\u00f6lgy utca 14\/A\u00a0 Ad\u00f3sz\u00e1m: 68237039-1-41 Nyilv\u00e1ntart\u00e1si sz\u00e1m: 51449166 \u00a0\u00a0&#8211; a tov\u00e1bbiakban: Adatkezel\u0151. \u00a0 K\u00e9rj\u00fck, figyelmesen olvassa el jelen adatkezel\u00e9si t\u00e1j\u00e9koztat\u00f3nkat (a tov\u00e1bbiakban: T\u00e1j\u00e9koztat\u00f3), melyben szem\u00e9lyes adatai kezel\u00e9s\u00e9t \u00e9rint\u0151 gyakorlatunkat ismertetj\u00fck az \u00c1ltal\u00e1nos Adatv\u00e9delmi [&hellip;]\" \/>\n<meta property=\"og:url\" content=\"https:\/\/flatmaningatlan.hu\/en\/privacy-policy\/\" \/>\n<meta property=\"og:site_name\" content=\"Flatman Ingatlan\" \/>\n<meta property=\"article:modified_time\" content=\"2024-12-18T10:28:36+00:00\" \/>\n<meta name=\"twitter:card\" content=\"summary_large_image\" \/>\n<meta name=\"twitter:label1\" content=\"Estimated reading time\" \/>\n\t<meta name=\"twitter:data1\" content=\"15 minutes\" \/>\n<script type=\"application\/ld+json\" class=\"yoast-schema-graph\">{\"@context\":\"https:\\\/\\\/schema.org\",\"@graph\":[{\"@type\":\"WebPage\",\"@id\":\"https:\\\/\\\/flatmaningatlan.hu\\\/privacy-policy\\\/\",\"url\":\"https:\\\/\\\/flatmaningatlan.hu\\\/privacy-policy\\\/\",\"name\":\"Adatv\u00e9delmi ir\u00e1nyelvek (GDPR) - Flatman Ingatlan\",\"isPartOf\":{\"@id\":\"https:\\\/\\\/flatmaningatlan.hu\\\/#website\"},\"datePublished\":\"2022-12-12T18:52:09+00:00\",\"dateModified\":\"2024-12-18T10:28:36+00:00\",\"breadcrumb\":{\"@id\":\"https:\\\/\\\/flatmaningatlan.hu\\\/privacy-policy\\\/#breadcrumb\"},\"inLanguage\":\"en-GB\",\"potentialAction\":[{\"@type\":\"ReadAction\",\"target\":[\"https:\\\/\\\/flatmaningatlan.hu\\\/privacy-policy\\\/\"]}]},{\"@type\":\"BreadcrumbList\",\"@id\":\"https:\\\/\\\/flatmaningatlan.hu\\\/privacy-policy\\\/#breadcrumb\",\"itemListElement\":[{\"@type\":\"ListItem\",\"position\":1,\"name\":\"Kezd\u0151lap\",\"item\":\"https:\\\/\\\/flatmaningatlan.hu\\\/\"},{\"@type\":\"ListItem\",\"position\":2,\"name\":\"Adatv\u00e9delmi ir\u00e1nyelvek (GDPR)\"}]},{\"@type\":\"WebSite\",\"@id\":\"https:\\\/\\\/flatmaningatlan.hu\\\/#website\",\"url\":\"https:\\\/\\\/flatmaningatlan.hu\\\/\",\"name\":\"Flatman Ingatlan\",\"description\":\"Ingatlank\u00f6zvet\u00edt\u00e9s, ingatlan b\u00e9rbead\u00e1s Budapesten\",\"publisher\":{\"@id\":\"https:\\\/\\\/flatmaningatlan.hu\\\/#\\\/schema\\\/person\\\/97c24fe928506f56a0e584534765f477\"},\"potentialAction\":[{\"@type\":\"SearchAction\",\"target\":{\"@type\":\"EntryPoint\",\"urlTemplate\":\"https:\\\/\\\/flatmaningatlan.hu\\\/?s={search_term_string}\"},\"query-input\":{\"@type\":\"PropertyValueSpecification\",\"valueRequired\":true,\"valueName\":\"search_term_string\"}}],\"inLanguage\":\"en-GB\"},{\"@type\":[\"Person\",\"Organization\"],\"@id\":\"https:\\\/\\\/flatmaningatlan.hu\\\/#\\\/schema\\\/person\\\/97c24fe928506f56a0e584534765f477\",\"name\":\"Karner P\u00e9ter\",\"image\":{\"@type\":\"ImageObject\",\"inLanguage\":\"en-GB\",\"@id\":\"https:\\\/\\\/flatmaningatlan.hu\\\/wp-content\\\/uploads\\\/2024\\\/11\\\/flatmanprofilecard-2.jpeg\",\"url\":\"https:\\\/\\\/flatmaningatlan.hu\\\/wp-content\\\/uploads\\\/2024\\\/11\\\/flatmanprofilecard-2.jpeg\",\"contentUrl\":\"https:\\\/\\\/flatmaningatlan.hu\\\/wp-content\\\/uploads\\\/2024\\\/11\\\/flatmanprofilecard-2.jpeg\",\"width\":459,\"height\":459,\"caption\":\"Karner P\u00e9ter\"},\"logo\":{\"@id\":\"https:\\\/\\\/flatmaningatlan.hu\\\/wp-content\\\/uploads\\\/2024\\\/11\\\/flatmanprofilecard-2.jpeg\"},\"sameAs\":[\"https:\\\/\\\/flatmaningatlan.hu\"],\"publishingPrinciples\":\"https:\\\/\\\/flatmaningatlan.hu\\\/privacy-policy\\\/\",\"ownershipFundingInfo\":\"https:\\\/\\\/flatmaningatlan.hu\\\/privacy-policy\\\/\"}]}<\/script>\n<!-- \/ Yoast SEO Premium plugin. -->","yoast_head_json":{"title":"Adatv\u00e9delmi ir\u00e1nyelvek (GDPR) - Flatman Ingatlan","robots":{"index":"noindex","follow":"follow"},"og_locale":"en_GB","og_type":"article","og_title":"Adatv\u00e9delmi ir\u00e1nyelvek (GDPR)","og_description":"Go to English version Adatv\u00e9delmi ir\u00e1nyelvek (GDPR) Az \u00d6n \u00e1ltal megadott szem\u00e9lyes adatokat kezeli: Karner P\u00e9ter N\u00e1ndor E.V. Sz\u00e9khely: 1021 Budapest, Als\u00f3 V\u00f6lgy utca 14\/A\u00a0 Ad\u00f3sz\u00e1m: 68237039-1-41 Nyilv\u00e1ntart\u00e1si sz\u00e1m: 51449166 \u00a0\u00a0&#8211; a tov\u00e1bbiakban: Adatkezel\u0151. \u00a0 K\u00e9rj\u00fck, figyelmesen olvassa el jelen adatkezel\u00e9si t\u00e1j\u00e9koztat\u00f3nkat (a tov\u00e1bbiakban: T\u00e1j\u00e9koztat\u00f3), melyben szem\u00e9lyes adatai kezel\u00e9s\u00e9t \u00e9rint\u0151 gyakorlatunkat ismertetj\u00fck az \u00c1ltal\u00e1nos Adatv\u00e9delmi [&hellip;]","og_url":"https:\/\/flatmaningatlan.hu\/en\/privacy-policy\/","og_site_name":"Flatman Ingatlan","article_modified_time":"2024-12-18T10:28:36+00:00","twitter_card":"summary_large_image","twitter_misc":{"Estimated reading time":"15 minutes"},"schema":{"@context":"https:\/\/schema.org","@graph":[{"@type":"WebPage","@id":"https:\/\/flatmaningatlan.hu\/privacy-policy\/","url":"https:\/\/flatmaningatlan.hu\/privacy-policy\/","name":"Adatv\u00e9delmi ir\u00e1nyelvek (GDPR) - Flatman Ingatlan","isPartOf":{"@id":"https:\/\/flatmaningatlan.hu\/#website"},"datePublished":"2022-12-12T18:52:09+00:00","dateModified":"2024-12-18T10:28:36+00:00","breadcrumb":{"@id":"https:\/\/flatmaningatlan.hu\/privacy-policy\/#breadcrumb"},"inLanguage":"en-GB","potentialAction":[{"@type":"ReadAction","target":["https:\/\/flatmaningatlan.hu\/privacy-policy\/"]}]},{"@type":"BreadcrumbList","@id":"https:\/\/flatmaningatlan.hu\/privacy-policy\/#breadcrumb","itemListElement":[{"@type":"ListItem","position":1,"name":"Kezd\u0151lap","item":"https:\/\/flatmaningatlan.hu\/"},{"@type":"ListItem","position":2,"name":"Adatv\u00e9delmi ir\u00e1nyelvek (GDPR)"}]},{"@type":"WebSite","@id":"https:\/\/flatmaningatlan.hu\/#website","url":"https:\/\/flatmaningatlan.hu\/","name":"Flatman Ingatlan","description":"Realty services, property renting Budapest","publisher":{"@id":"https:\/\/flatmaningatlan.hu\/#\/schema\/person\/97c24fe928506f56a0e584534765f477"},"potentialAction":[{"@type":"SearchAction","target":{"@type":"EntryPoint","urlTemplate":"https:\/\/flatmaningatlan.hu\/?s={search_term_string}"},"query-input":{"@type":"PropertyValueSpecification","valueRequired":true,"valueName":"search_term_string"}}],"inLanguage":"en-GB"},{"@type":["Person","Organization"],"@id":"https:\/\/flatmaningatlan.hu\/#\/schema\/person\/97c24fe928506f56a0e584534765f477","name":"Peter Karner","image":{"@type":"ImageObject","inLanguage":"en-GB","@id":"https:\/\/flatmaningatlan.hu\/wp-content\/uploads\/2024\/11\/flatmanprofilecard-2.jpeg","url":"https:\/\/flatmaningatlan.hu\/wp-content\/uploads\/2024\/11\/flatmanprofilecard-2.jpeg","contentUrl":"https:\/\/flatmaningatlan.hu\/wp-content\/uploads\/2024\/11\/flatmanprofilecard-2.jpeg","width":459,"height":459,"caption":"Karner P\u00e9ter"},"logo":{"@id":"https:\/\/flatmaningatlan.hu\/wp-content\/uploads\/2024\/11\/flatmanprofilecard-2.jpeg"},"sameAs":["https:\/\/flatmaningatlan.hu"],"publishingPrinciples":"https:\/\/flatmaningatlan.hu\/privacy-policy\/","ownershipFundingInfo":"https:\/\/flatmaningatlan.hu\/privacy-policy\/"}]}},"_links":{"self":[{"href":"https:\/\/flatmaningatlan.hu\/en\/wp-json\/wp\/v2\/pages\/3","targetHints":{"allow":["GET"]}}],"collection":[{"href":"https:\/\/flatmaningatlan.hu\/en\/wp-json\/wp\/v2\/pages"}],"about":[{"href":"https:\/\/flatmaningatlan.hu\/en\/wp-json\/wp\/v2\/types\/page"}],"author":[{"embeddable":true,"href":"https:\/\/flatmaningatlan.hu\/en\/wp-json\/wp\/v2\/users\/1"}],"replies":[{"embeddable":true,"href":"https:\/\/flatmaningatlan.hu\/en\/wp-json\/wp\/v2\/comments?post=3"}],"version-history":[{"count":0,"href":"https:\/\/flatmaningatlan.hu\/en\/wp-json\/wp\/v2\/pages\/3\/revisions"}],"wp:attachment":[{"href":"https:\/\/flatmaningatlan.hu\/en\/wp-json\/wp\/v2\/media?parent=3"}],"curies":[{"name":"wp","href":"https:\/\/api.w.org\/{rel}","templated":true}]}}